{"id":628,"date":"2009-05-06T11:43:24","date_gmt":"2009-05-06T16:43:24","guid":{"rendered":"https:\/\/test3.nigal.net\/index.php\/contact\/"},"modified":"2025-08-11T09:57:56","modified_gmt":"2025-08-11T09:57:56","slug":"contact","status":"publish","type":"page","link":"https:\/\/www.lugomadera.com\/index.php\/contact\/","title":{"rendered":"Contacto"},"content":{"rendered":"\t\t<div data-elementor-type=\"wp-page\" data-elementor-id=\"628\" class=\"elementor elementor-628\" data-elementor-post-type=\"page\">\n\t\t\t\t\t\t<section class=\"elementor-section elementor-top-section elementor-element elementor-element-84e7ea0 elementor-section-boxed elementor-section-height-default elementor-section-height-default\" data-id=\"84e7ea0\" data-element_type=\"section\" data-e-type=\"section\" data-settings=\"{&quot;background_background&quot;:&quot;classic&quot;}\">\n\t\t\t\t\t\t\t<div class=\"elementor-background-overlay\"><\/div>\n\t\t\t\t\t\t\t<div class=\"elementor-container elementor-column-gap-default\">\n\t\t\t\t\t<div class=\"elementor-column elementor-col-50 elementor-top-column elementor-element elementor-element-63ef192\" data-id=\"63ef192\" data-element_type=\"column\" data-e-type=\"column\">\n\t\t\t<div class=\"elementor-widget-wrap elementor-element-populated\">\n\t\t\t\t\t\t<div class=\"elementor-element elementor-element-da87bda elementor-widget elementor-widget-heading\" data-id=\"da87bda\" data-element_type=\"widget\" data-e-type=\"widget\" data-widget_type=\"heading.default\">\n\t\t\t\t<div class=\"elementor-widget-container\">\n\t\t\t\t\t<h2 class=\"elementor-heading-title elementor-size-default\">Cont\u00e1ctanos<\/h2>\t\t\t\t<\/div>\n\t\t\t\t<\/div>\n\t\t\t\t<div class=\"elementor-element elementor-element-dbc598d elementor-widget-divider--view-line elementor-widget elementor-widget-divider\" data-id=\"dbc598d\" data-element_type=\"widget\" data-e-type=\"widget\" data-widget_type=\"divider.default\">\n\t\t\t\t<div class=\"elementor-widget-container\">\n\t\t\t\t\t\t\t<div class=\"elementor-divider\">\n\t\t\t<span class=\"elementor-divider-separator\">\n\t\t\t\t\t\t<\/span>\n\t\t<\/div>\n\t\t\t\t\t\t<\/div>\n\t\t\t\t<\/div>\n\t\t\t\t<div class=\"elementor-element elementor-element-3f3bf27 elementor-widget elementor-widget-text-editor\" data-id=\"3f3bf27\" data-element_type=\"widget\" data-e-type=\"widget\" data-widget_type=\"text-editor.default\">\n\t\t\t\t<div class=\"elementor-widget-container\">\n\t\t\t\t\t\t\t\t\t<p>Desde la<strong>\u00a0Asociaci\u00f3n Provincial de Empresarios de la 1\u00aa Transformaci\u00f3n de la Madera de Lugo<\/strong>\u00a0creemos<span lang=\"ES\">\u00a0sin duda que la uni\u00f3n hace la fuerza, de ah\u00ed el inter\u00e9s de agrupar a toda la cadena empresarial en una \u00fanica organizaci\u00f3n que nos represente y defienda nuestros intereses.<\/span><\/p>\t\t\t\t\t\t\t\t<\/div>\n\t\t\t\t<\/div>\n\t\t\t\t<div class=\"elementor-element elementor-element-47d9ba8 elementor-widget elementor-widget-image\" data-id=\"47d9ba8\" data-element_type=\"widget\" data-e-type=\"widget\" data-widget_type=\"image.default\">\n\t\t\t\t<div class=\"elementor-widget-container\">\n\t\t\t\t\t\t\t\t\t\t\t\t\t\t\t<img fetchpriority=\"high\" decoding=\"async\" width=\"300\" height=\"248\" src=\"https:\/\/www.lugomadera.com\/wp-content\/uploads\/2024\/02\/lugo-white-300x248.png\" class=\"attachment-medium size-medium wp-image-8178\" alt=\"Logotipo LugoMadera blanco recortado\" srcset=\"https:\/\/www.lugomadera.com\/wp-content\/uploads\/2024\/02\/lugo-white-300x248.png 300w, https:\/\/www.lugomadera.com\/wp-content\/uploads\/2024\/02\/lugo-white-1024x848.png 1024w, https:\/\/www.lugomadera.com\/wp-content\/uploads\/2024\/02\/lugo-white-768x636.png 768w, https:\/\/www.lugomadera.com\/wp-content\/uploads\/2024\/02\/lugo-white-1536x1271.png 1536w, https:\/\/www.lugomadera.com\/wp-content\/uploads\/2024\/02\/lugo-white-2048x1695.png 2048w, https:\/\/www.lugomadera.com\/wp-content\/uploads\/2024\/02\/lugo-white-2000x1655.png 2000w, https:\/\/www.lugomadera.com\/wp-content\/uploads\/2024\/02\/lugo-white-1000x828.png 1000w, https:\/\/www.lugomadera.com\/wp-content\/uploads\/2024\/02\/lugo-white-1800x1490.png 1800w, https:\/\/www.lugomadera.com\/wp-content\/uploads\/2024\/02\/lugo-white-677x560.png 677w, https:\/\/www.lugomadera.com\/wp-content\/uploads\/2024\/02\/lugo-white-600x497.png 600w\" sizes=\"(max-width: 300px) 100vw, 300px\" \/>\t\t\t\t\t\t\t\t\t\t\t\t\t\t\t<\/div>\n\t\t\t\t<\/div>\n\t\t\t\t\t<\/div>\n\t\t<\/div>\n\t\t\t\t<div class=\"elementor-column elementor-col-50 elementor-top-column elementor-element elementor-element-3afa77b\" data-id=\"3afa77b\" data-element_type=\"column\" data-e-type=\"column\">\n\t\t\t<div class=\"elementor-widget-wrap elementor-element-populated\">\n\t\t\t\t\t\t<div class=\"elementor-element elementor-element-bfbf689 elementor-widget elementor-widget-shortcode\" data-id=\"bfbf689\" data-element_type=\"widget\" data-e-type=\"widget\" data-widget_type=\"shortcode.default\">\n\t\t\t\t<div class=\"elementor-widget-container\">\n\t\t\t\t\t\t\t<div class=\"elementor-shortcode\"><\/div>\n\t\t\t\t\t\t<\/div>\n\t\t\t\t<\/div>\n\t\t\t\t\t<\/div>\n\t\t<\/div>\n\t\t\t\t\t<\/div>\n\t\t<\/section>\n\t\t\t\t<section class=\"elementor-section elementor-top-section elementor-element elementor-element-46a5819f elementor-section-boxed elementor-section-height-default elementor-section-height-default\" data-id=\"46a5819f\" data-element_type=\"section\" data-e-type=\"section\">\n\t\t\t\t\t\t<div class=\"elementor-container elementor-column-gap-default\">\n\t\t\t\t\t\t<\/div>\n\t\t<\/section>\n\t\t\t\t<section class=\"elementor-section elementor-top-section elementor-element elementor-element-57b9dc6f elementor-section-full_width elementor-section-height-min-height elementor-section-height-default elementor-section-items-middle\" data-id=\"57b9dc6f\" data-element_type=\"section\" data-e-type=\"section\">\n\t\t\t\t\t\t<div class=\"elementor-container elementor-column-gap-no\">\n\t\t\t\t\t<div class=\"elementor-column elementor-col-100 elementor-top-column elementor-element elementor-element-6c9fb4e3\" data-id=\"6c9fb4e3\" data-element_type=\"column\" data-e-type=\"column\">\n\t\t\t<div class=\"elementor-widget-wrap elementor-element-populated\">\n\t\t\t\t\t\t<div class=\"elementor-element elementor-element-16e38699 elementor-widget elementor-widget-google_maps\" data-id=\"16e38699\" data-element_type=\"widget\" data-e-type=\"widget\" data-widget_type=\"google_maps.default\">\n\t\t\t\t<div class=\"elementor-widget-container\">\n\t\t\t\t\t\t\t<div class=\"elementor-custom-embed\">\n\t\t\t<iframe loading=\"lazy\"\n\t\t\t\t\tsrc=\"https:\/\/maps.google.com\/maps?q=Avd.%20de%20las%20Am%C3%A9ricas%20107%2C%20Bajo%2027004%20Lugo%20%28Lugo%29%20%E2%80%93%20Espa%C3%B1a&#038;t=m&#038;z=14&#038;output=embed&#038;iwloc=near\"\n\t\t\t\t\ttitle=\"Avd. de las Am\u00e9ricas 107, Bajo 27004 Lugo (Lugo) \u2013 Espa\u00f1a\"\n\t\t\t\t\taria-label=\"Avd. de las Am\u00e9ricas 107, Bajo 27004 Lugo (Lugo) \u2013 Espa\u00f1a\"\n\t\t\t><\/iframe>\n\t\t<\/div>\n\t\t\t\t\t\t<\/div>\n\t\t\t\t<\/div>\n\t\t\t\t\t<\/div>\n\t\t<\/div>\n\t\t\t\t\t<\/div>\n\t\t<\/section>\n\t\t\t\t<\/div>\n\t\t","protected":false},"excerpt":{"rendered":"<p>Cont\u00e1ctanos Desde la\u00a0Asociaci\u00f3n Provincial de Empresarios de la 1\u00aa Transformaci\u00f3n de la Madera de Lugo\u00a0creemos\u00a0sin duda que la uni\u00f3n hace la fuerza, de ah\u00ed el inter\u00e9s de agrupar a toda la cadena empresarial en una \u00fanica organizaci\u00f3n que nos represente y defienda nuestros intereses.<\/p>\n","protected":false},"author":1,"featured_media":0,"parent":0,"menu_order":0,"comment_status":"closed","ping_status":"closed","template":"page-templates\/full-width-transparent.php","meta":{"footnotes":""},"class_list":["post-628","page","type-page","status-publish","hentry"],"yoast_head":"<!-- This site is optimized with the Yoast SEO plugin v27.4 - https:\/\/yoast.com\/product\/yoast-seo-wordpress\/ -->\n<title>Contacto - Lugo Madera<\/title>\n<meta name=\"robots\" content=\"index, follow, max-snippet:-1, max-image-preview:large, max-video-preview:-1\" \/>\n<link rel=\"canonical\" href=\"https:\/\/www.lugomadera.com\/index.php\/contact\/\" \/>\n<meta property=\"og:locale\" content=\"es_ES\" \/>\n<meta property=\"og:type\" content=\"article\" \/>\n<meta property=\"og:title\" content=\"Contacto - Lugo Madera\" \/>\n<meta property=\"og:description\" content=\"Cont\u00e1ctanos Desde la\u00a0Asociaci\u00f3n Provincial de Empresarios de la 1\u00aa Transformaci\u00f3n de la Madera de Lugo\u00a0creemos\u00a0sin duda que la uni\u00f3n hace la fuerza, de ah\u00ed el inter\u00e9s de agrupar a toda la cadena empresarial en una \u00fanica organizaci\u00f3n que nos represente y defienda nuestros intereses.\" \/>\n<meta property=\"og:url\" content=\"https:\/\/www.lugomadera.com\/index.php\/contact\/\" \/>\n<meta property=\"og:site_name\" content=\"Lugo Madera\" \/>\n<meta property=\"article:modified_time\" content=\"2025-08-11T09:57:56+00:00\" \/>\n<meta property=\"og:image\" content=\"https:\/\/www.lugomadera.com\/wp-content\/uploads\/2024\/02\/lugo-white.png\" \/>\n\t<meta property=\"og:image:width\" content=\"3000\" \/>\n\t<meta property=\"og:image:height\" content=\"2483\" \/>\n\t<meta property=\"og:image:type\" content=\"image\/png\" \/>\n<meta name=\"twitter:card\" content=\"summary_large_image\" \/>\n<meta name=\"twitter:label1\" content=\"Tiempo de lectura\" \/>\n\t<meta name=\"twitter:data1\" content=\"1 minuto\" \/>\n<script type=\"application\/ld+json\" class=\"yoast-schema-graph\">{\"@context\":\"https:\\\/\\\/schema.org\",\"@graph\":[{\"@type\":\"WebPage\",\"@id\":\"https:\\\/\\\/www.lugomadera.com\\\/index.php\\\/contact\\\/\",\"url\":\"https:\\\/\\\/www.lugomadera.com\\\/index.php\\\/contact\\\/\",\"name\":\"Contacto - Lugo Madera\",\"isPartOf\":{\"@id\":\"https:\\\/\\\/www.lugomadera.com\\\/#website\"},\"primaryImageOfPage\":{\"@id\":\"https:\\\/\\\/www.lugomadera.com\\\/index.php\\\/contact\\\/#primaryimage\"},\"image\":{\"@id\":\"https:\\\/\\\/www.lugomadera.com\\\/index.php\\\/contact\\\/#primaryimage\"},\"thumbnailUrl\":\"https:\\\/\\\/www.lugomadera.com\\\/wp-content\\\/uploads\\\/2024\\\/02\\\/lugo-white-300x248.png\",\"datePublished\":\"2009-05-06T16:43:24+00:00\",\"dateModified\":\"2025-08-11T09:57:56+00:00\",\"breadcrumb\":{\"@id\":\"https:\\\/\\\/www.lugomadera.com\\\/index.php\\\/contact\\\/#breadcrumb\"},\"inLanguage\":\"es\",\"potentialAction\":[{\"@type\":\"ReadAction\",\"target\":[\"https:\\\/\\\/www.lugomadera.com\\\/index.php\\\/contact\\\/\"]}]},{\"@type\":\"ImageObject\",\"inLanguage\":\"es\",\"@id\":\"https:\\\/\\\/www.lugomadera.com\\\/index.php\\\/contact\\\/#primaryimage\",\"url\":\"https:\\\/\\\/www.lugomadera.com\\\/wp-content\\\/uploads\\\/2024\\\/02\\\/lugo-white.png\",\"contentUrl\":\"https:\\\/\\\/www.lugomadera.com\\\/wp-content\\\/uploads\\\/2024\\\/02\\\/lugo-white.png\",\"width\":3000,\"height\":2483,\"caption\":\"Logotipo LugoMadera blanco recortado\"},{\"@type\":\"BreadcrumbList\",\"@id\":\"https:\\\/\\\/www.lugomadera.com\\\/index.php\\\/contact\\\/#breadcrumb\",\"itemListElement\":[{\"@type\":\"ListItem\",\"position\":1,\"name\":\"Portada\",\"item\":\"https:\\\/\\\/www.lugomadera.com\\\/\"},{\"@type\":\"ListItem\",\"position\":2,\"name\":\"Contacto\"}]},{\"@type\":\"WebSite\",\"@id\":\"https:\\\/\\\/www.lugomadera.com\\\/#website\",\"url\":\"https:\\\/\\\/www.lugomadera.com\\\/\",\"name\":\"Lugo Madera\",\"description\":\"Asociaci\u00f3n Provincial de Empresarios de la 1\u00aa Transformaci\u00f3n de la Madera de Lugo\",\"publisher\":{\"@id\":\"https:\\\/\\\/www.lugomadera.com\\\/#organization\"},\"potentialAction\":[{\"@type\":\"SearchAction\",\"target\":{\"@type\":\"EntryPoint\",\"urlTemplate\":\"https:\\\/\\\/www.lugomadera.com\\\/?s={search_term_string}\"},\"query-input\":{\"@type\":\"PropertyValueSpecification\",\"valueRequired\":true,\"valueName\":\"search_term_string\"}}],\"inLanguage\":\"es\"},{\"@type\":\"Organization\",\"@id\":\"https:\\\/\\\/www.lugomadera.com\\\/#organization\",\"name\":\"Lugo Madera\",\"url\":\"https:\\\/\\\/www.lugomadera.com\\\/\",\"logo\":{\"@type\":\"ImageObject\",\"inLanguage\":\"es\",\"@id\":\"https:\\\/\\\/www.lugomadera.com\\\/#\\\/schema\\\/logo\\\/image\\\/\",\"url\":\"https:\\\/\\\/www.lugomadera.com\\\/wp-content\\\/uploads\\\/2024\\\/02\\\/lugo-white-300-h-1.png\",\"contentUrl\":\"https:\\\/\\\/www.lugomadera.com\\\/wp-content\\\/uploads\\\/2024\\\/02\\\/lugo-white-300-h-1.png\",\"width\":600,\"height\":262,\"caption\":\"Lugo Madera\"},\"image\":{\"@id\":\"https:\\\/\\\/www.lugomadera.com\\\/#\\\/schema\\\/logo\\\/image\\\/\"}}]}<\/script>\n<!-- \/ Yoast SEO plugin. -->","yoast_head_json":{"title":"Contacto - Lugo Madera","robots":{"index":"index","follow":"follow","max-snippet":"max-snippet:-1","max-image-preview":"max-image-preview:large","max-video-preview":"max-video-preview:-1"},"canonical":"https:\/\/www.lugomadera.com\/index.php\/contact\/","og_locale":"es_ES","og_type":"article","og_title":"Contacto - Lugo Madera","og_description":"Cont\u00e1ctanos Desde la\u00a0Asociaci\u00f3n Provincial de Empresarios de la 1\u00aa Transformaci\u00f3n de la Madera de Lugo\u00a0creemos\u00a0sin duda que la uni\u00f3n hace la fuerza, de ah\u00ed el inter\u00e9s de agrupar a toda la cadena empresarial en una \u00fanica organizaci\u00f3n que nos represente y defienda nuestros intereses.","og_url":"https:\/\/www.lugomadera.com\/index.php\/contact\/","og_site_name":"Lugo Madera","article_modified_time":"2025-08-11T09:57:56+00:00","og_image":[{"width":3000,"height":2483,"url":"https:\/\/www.lugomadera.com\/wp-content\/uploads\/2024\/02\/lugo-white.png","type":"image\/png"}],"twitter_card":"summary_large_image","twitter_misc":{"Tiempo de lectura":"1 minuto"},"schema":{"@context":"https:\/\/schema.org","@graph":[{"@type":"WebPage","@id":"https:\/\/www.lugomadera.com\/index.php\/contact\/","url":"https:\/\/www.lugomadera.com\/index.php\/contact\/","name":"Contacto - Lugo Madera","isPartOf":{"@id":"https:\/\/www.lugomadera.com\/#website"},"primaryImageOfPage":{"@id":"https:\/\/www.lugomadera.com\/index.php\/contact\/#primaryimage"},"image":{"@id":"https:\/\/www.lugomadera.com\/index.php\/contact\/#primaryimage"},"thumbnailUrl":"https:\/\/www.lugomadera.com\/wp-content\/uploads\/2024\/02\/lugo-white-300x248.png","datePublished":"2009-05-06T16:43:24+00:00","dateModified":"2025-08-11T09:57:56+00:00","breadcrumb":{"@id":"https:\/\/www.lugomadera.com\/index.php\/contact\/#breadcrumb"},"inLanguage":"es","potentialAction":[{"@type":"ReadAction","target":["https:\/\/www.lugomadera.com\/index.php\/contact\/"]}]},{"@type":"ImageObject","inLanguage":"es","@id":"https:\/\/www.lugomadera.com\/index.php\/contact\/#primaryimage","url":"https:\/\/www.lugomadera.com\/wp-content\/uploads\/2024\/02\/lugo-white.png","contentUrl":"https:\/\/www.lugomadera.com\/wp-content\/uploads\/2024\/02\/lugo-white.png","width":3000,"height":2483,"caption":"Logotipo LugoMadera blanco recortado"},{"@type":"BreadcrumbList","@id":"https:\/\/www.lugomadera.com\/index.php\/contact\/#breadcrumb","itemListElement":[{"@type":"ListItem","position":1,"name":"Portada","item":"https:\/\/www.lugomadera.com\/"},{"@type":"ListItem","position":2,"name":"Contacto"}]},{"@type":"WebSite","@id":"https:\/\/www.lugomadera.com\/#website","url":"https:\/\/www.lugomadera.com\/","name":"Lugo Madera","description":"Asociaci\u00f3n Provincial de Empresarios de la 1\u00aa Transformaci\u00f3n de la Madera de Lugo","publisher":{"@id":"https:\/\/www.lugomadera.com\/#organization"},"potentialAction":[{"@type":"SearchAction","target":{"@type":"EntryPoint","urlTemplate":"https:\/\/www.lugomadera.com\/?s={search_term_string}"},"query-input":{"@type":"PropertyValueSpecification","valueRequired":true,"valueName":"search_term_string"}}],"inLanguage":"es"},{"@type":"Organization","@id":"https:\/\/www.lugomadera.com\/#organization","name":"Lugo Madera","url":"https:\/\/www.lugomadera.com\/","logo":{"@type":"ImageObject","inLanguage":"es","@id":"https:\/\/www.lugomadera.com\/#\/schema\/logo\/image\/","url":"https:\/\/www.lugomadera.com\/wp-content\/uploads\/2024\/02\/lugo-white-300-h-1.png","contentUrl":"https:\/\/www.lugomadera.com\/wp-content\/uploads\/2024\/02\/lugo-white-300-h-1.png","width":600,"height":262,"caption":"Lugo Madera"},"image":{"@id":"https:\/\/www.lugomadera.com\/#\/schema\/logo\/image\/"}}]}},"jetpack_sharing_enabled":true,"_links":{"self":[{"href":"https:\/\/www.lugomadera.com\/index.php\/wp-json\/wp\/v2\/pages\/628","targetHints":{"allow":["GET"]}}],"collection":[{"href":"https:\/\/www.lugomadera.com\/index.php\/wp-json\/wp\/v2\/pages"}],"about":[{"href":"https:\/\/www.lugomadera.com\/index.php\/wp-json\/wp\/v2\/types\/page"}],"author":[{"embeddable":true,"href":"https:\/\/www.lugomadera.com\/index.php\/wp-json\/wp\/v2\/users\/1"}],"replies":[{"embeddable":true,"href":"https:\/\/www.lugomadera.com\/index.php\/wp-json\/wp\/v2\/comments?post=628"}],"version-history":[{"count":49,"href":"https:\/\/www.lugomadera.com\/index.php\/wp-json\/wp\/v2\/pages\/628\/revisions"}],"predecessor-version":[{"id":9698,"href":"https:\/\/www.lugomadera.com\/index.php\/wp-json\/wp\/v2\/pages\/628\/revisions\/9698"}],"wp:attachment":[{"href":"https:\/\/www.lugomadera.com\/index.php\/wp-json\/wp\/v2\/media?parent=628"}],"curies":[{"name":"wp","href":"https:\/\/api.w.org\/{rel}","templated":true}]}}